{"id":204,"date":"2019-03-14T23:27:49","date_gmt":"2019-03-14T22:27:49","guid":{"rendered":"http:\/\/wp-vetrina.aro26.de\/?page_id=204"},"modified":"2023-02-03T22:53:11","modified_gmt":"2023-02-03T21:53:11","slug":"elementor-204","status":"publish","type":"page","link":"https:\/\/lavetrinaaperta.eu\/?page_id=204","title":{"rendered":"Historisches \/ Historic"},"content":{"rendered":"\t\t<div data-elementor-type=\"wp-post\" data-elementor-id=\"204\" class=\"elementor elementor-204\">\n\t\t\t\t\t\t<div class=\"elementor-inner\">\n\t\t\t\t<div class=\"elementor-section-wrap\">\n\t\t\t\t\t\t\t\t\t<section class=\"has_eae_slider elementor-section elementor-top-section elementor-element elementor-element-b70754c elementor-section-boxed elementor-section-height-default elementor-section-height-default\" data-id=\"b70754c\" data-element_type=\"section\">\n\t\t\t\t\t\t<div class=\"elementor-container elementor-column-gap-default\">\n\t\t\t\t\t\t\t<div class=\"elementor-row\">\n\t\t\t\t\t<div class=\"has_eae_slider elementor-column elementor-col-100 elementor-top-column elementor-element elementor-element-244a52a\" data-id=\"244a52a\" data-element_type=\"column\">\n\t\t\t<div class=\"elementor-column-wrap elementor-element-populated\">\n\t\t\t\t\t\t\t<div class=\"elementor-widget-wrap\">\n\t\t\t\t\t\t<div class=\"elementor-element elementor-element-b15953b elementor-widget elementor-widget-text-editor\" data-id=\"b15953b\" data-element_type=\"widget\" data-widget_type=\"text-editor.default\">\n\t\t\t\t<div class=\"elementor-widget-container\">\n\t\t\t\t\t\t\t\t<div class=\"elementor-text-editor elementor-clearfix\">\n\t\t\t\t<p>Wissenswertes \u00fcber die Porzellanmanufakturen und Glash\u00fctten, \u00fcber K\u00fcnstler und Designer, deren Objekte auf dieser Webseite vorgestellt oder auf irgendeine Weise erw\u00e4hnt wurden. \u2013 Laufend in Bearbeitung\/Erg\u00e4nzung ..<\/p><p>Interesting facts about the porcelain manufactories and glassworks, about artists and designers, whose objects were presented on this website or mentioned in any way. \u2013 In progress \u2026<\/p>\t\t\t\t\t<\/div>\n\t\t\t\t\t\t<\/div>\n\t\t\t\t<\/div>\n\t\t\t\t<div class=\"elementor-element elementor-element-d25dee2 elementor-widget elementor-widget-accordion\" data-id=\"d25dee2\" data-element_type=\"widget\" data-widget_type=\"accordion.default\">\n\t\t\t\t<div class=\"elementor-widget-container\">\n\t\t\t\t\t<div class=\"elementor-accordion\" role=\"tablist\">\n\t\t\t\t\t\t\t<div class=\"elementor-accordion-item\">\n\t\t\t\t\t<div id=\"elementor-tab-title-2201\" class=\"elementor-tab-title\" data-tab=\"1\" role=\"tab\" aria-controls=\"elementor-tab-content-2201\" aria-expanded=\"false\">\n\t\t\t\t\t\t\t\t\t\t\t\t\t<span class=\"elementor-accordion-icon elementor-accordion-icon-left\" aria-hidden=\"true\">\n\t\t\t\t\t\t\t\t\t\t\t\t\t\t\t<i class=\"elementor-accordion-icon-closed fa fa-sort-down\"><\/i>\n\t\t\t\t\t\t\t\t<i class=\"elementor-accordion-icon-opened \"><\/i>\n\t\t\t\t\t\t\t\t\t\t\t\t\t\t<\/span>\n\t\t\t\t\t\t\t\t\t\t\t\t<a class=\"elementor-accordion-title\" href=\"\">AK Kaiser \/ Alboth & Kaiser<\/a>\n\t\t\t\t\t<\/div>\n\t\t\t\t\t<div id=\"elementor-tab-content-2201\" class=\"elementor-tab-content elementor-clearfix\" data-tab=\"1\" role=\"tabpanel\" aria-labelledby=\"elementor-tab-title-2201\"><p>#<\/p><\/div>\n\t\t\t\t<\/div>\n\t\t\t\t\t\t\t<div class=\"elementor-accordion-item\">\n\t\t\t\t\t<div id=\"elementor-tab-title-2202\" class=\"elementor-tab-title\" data-tab=\"2\" role=\"tab\" aria-controls=\"elementor-tab-content-2202\" aria-expanded=\"false\">\n\t\t\t\t\t\t\t\t\t\t\t\t\t<span class=\"elementor-accordion-icon elementor-accordion-icon-left\" aria-hidden=\"true\">\n\t\t\t\t\t\t\t\t\t\t\t\t\t\t\t<i class=\"elementor-accordion-icon-closed fa fa-sort-down\"><\/i>\n\t\t\t\t\t\t\t\t<i class=\"elementor-accordion-icon-opened \"><\/i>\n\t\t\t\t\t\t\t\t\t\t\t\t\t\t<\/span>\n\t\t\t\t\t\t\t\t\t\t\t\t<a class=\"elementor-accordion-title\" href=\"\">Carstens, T\u00f6nnishof<\/a>\n\t\t\t\t\t<\/div>\n\t\t\t\t\t<div id=\"elementor-tab-content-2202\" class=\"elementor-tab-content elementor-clearfix\" data-tab=\"2\" role=\"tabpanel\" aria-labelledby=\"elementor-tab-title-2202\"><p>&#8222;Christian Heinrich Carstens gr\u00fcndete bereits 1878 einen\u00a0 Gro\u00dfhandel f\u00fcr Porzellan, Keramik und Glas in Elmshorn. Im Jahr 1900 erm\u00f6glichte er seinen S\u00f6hnen Christian und Ernst den Ankauf der &#8222;Magdeburger Steingutfabrik&#8220;. Die beiden Br\u00fcder bauten in den folgenden Jahren den Konzern\u00a0 weiter aus, bis sich im I. Weltkrieg\u00a0 ihre gesch\u00e4ftlichen Wege trennten. Christian \u00fcbernahm die Werke Rheinsberg, Neuhaldensleben und Wallhausen, Ernst dagegen die Magdeburger und Elmshorner Werke sowie das Elmshorner Engro-Gesch\u00e4ft. Der Teil des Familienunternehmens, der 1940 unter der Gesch\u00e4ftsf\u00fchrung von Ernst Carstens (dem sp\u00e4teren Gr\u00fcnder der T\u00f6nnieshofproduktion) stehende <i>Carstens Kommanditgesellschaft<\/i>, galt schon allein als einer der gr\u00f6\u00dften keramischen Betriebe im Deutschen Reich mit \u00fcber 3.000 Besch\u00e4ftigten. Diese Gesellschaft der Familie verf\u00fcgte \u00fcber gr\u00f6\u00dfere Werke in Rheinsberg, Wallhausen, Creu\u00dfen, Hirschau, Gr\u00e4fenroda, Georgenthal und die bekannte Steingutfabrik Uffrecht in Neuhaldensleben. Diese Firmen sind heute noch f\u00fcr ihre damaligen innovativen Produkte bekannt. &#8230;\u00a0 1946 erfolgt die Betriebsgr\u00fcndung auf dem Tonnieshof in Fredelsloh (Moringen, N\u00e4he G\u00f6ttingen). Carstens Keramik geh\u00f6rte um 1960 zu den vier gr\u00f6\u00dften Betrieben f\u00fcr Feinsteinzeug im Nachkriegsdeutschland, bis 1977, 1983 und 1989 drei Konkurse folgten.\u00a0 &#8230;. Heute besteht nur noch ein kleiner Betrieb auf neuem Betriebsgel\u00e4nde in Fredelsloh mit wenigen Besch\u00e4ftigten und unter der Leitung der Geschwister\u00a0 Ernst und Eva Carstens &#8230; die Produktionsst\u00e4tte T\u00f6nnieshof existiert nicht mehr &#8230;. &#8220; (Frei zitiert und gek\u00fcrzt; Quelle 1: <i>http:\/\/www.keramiksammler.de\/projekte-arbeitsgebiete\/carstens-bis-1977\/index.html<\/i>. Quelle 2: <i>https:\/\/carstens-keramik.de\/ueber-uns\/<\/i>).<\/p><p>&#8212;<\/p><p><span class=\"tlid-translation translation\" lang=\"en\">(Freely quoted and shortened; Source 1: http:\/\/www.keramiksammler.de\/projekte-arbeitsgebiete\/carstens-bis-1977\/index.html Source 2: https:\/\/carstens-keramik.de\/ueber-uns\/)<\/span><\/p><p>\u00a0<\/p><p>\u00a0<\/p><p>\u00a0 <\/p><\/div>\n\t\t\t\t<\/div>\n\t\t\t\t\t\t\t<div class=\"elementor-accordion-item\">\n\t\t\t\t\t<div id=\"elementor-tab-title-2203\" class=\"elementor-tab-title\" data-tab=\"3\" role=\"tab\" aria-controls=\"elementor-tab-content-2203\" aria-expanded=\"false\">\n\t\t\t\t\t\t\t\t\t\t\t\t\t<span class=\"elementor-accordion-icon elementor-accordion-icon-left\" aria-hidden=\"true\">\n\t\t\t\t\t\t\t\t\t\t\t\t\t\t\t<i class=\"elementor-accordion-icon-closed fa fa-sort-down\"><\/i>\n\t\t\t\t\t\t\t\t<i class=\"elementor-accordion-icon-opened \"><\/i>\n\t\t\t\t\t\t\t\t\t\t\t\t\t\t<\/span>\n\t\t\t\t\t\t\t\t\t\t\t\t<a class=\"elementor-accordion-title\" href=\"\">D\u00fcrrbeck & Ruckd\u00e4schel, Wei\u00dfenstadt<\/a>\n\t\t\t\t\t<\/div>\n\t\t\t\t\t<div id=\"elementor-tab-content-2203\" class=\"elementor-tab-content elementor-clearfix\" data-tab=\"3\" role=\"tabpanel\" aria-labelledby=\"elementor-tab-title-2203\"><p>#<\/p><\/div>\n\t\t\t\t<\/div>\n\t\t\t\t\t\t\t<div class=\"elementor-accordion-item\">\n\t\t\t\t\t<div id=\"elementor-tab-title-2204\" class=\"elementor-tab-title\" data-tab=\"4\" role=\"tab\" aria-controls=\"elementor-tab-content-2204\" aria-expanded=\"false\">\n\t\t\t\t\t\t\t\t\t\t\t\t\t<span class=\"elementor-accordion-icon elementor-accordion-icon-left\" aria-hidden=\"true\">\n\t\t\t\t\t\t\t\t\t\t\t\t\t\t\t<i class=\"elementor-accordion-icon-closed fa fa-sort-down\"><\/i>\n\t\t\t\t\t\t\t\t<i class=\"elementor-accordion-icon-opened \"><\/i>\n\t\t\t\t\t\t\t\t\t\t\t\t\t\t<\/span>\n\t\t\t\t\t\t\t\t\t\t\t\t<a class=\"elementor-accordion-title\" href=\"\">Fenton Art Glass Co., Martin Ferry, USA<\/a>\n\t\t\t\t\t<\/div>\n\t\t\t\t\t<div id=\"elementor-tab-content-2204\" class=\"elementor-tab-content elementor-clearfix\" data-tab=\"4\" role=\"tabpanel\" aria-labelledby=\"elementor-tab-title-2204\"><p>#<\/p><\/div>\n\t\t\t\t<\/div>\n\t\t\t\t\t\t\t<div class=\"elementor-accordion-item\">\n\t\t\t\t\t<div id=\"elementor-tab-title-2205\" class=\"elementor-tab-title\" data-tab=\"5\" role=\"tab\" aria-controls=\"elementor-tab-content-2205\" aria-expanded=\"false\">\n\t\t\t\t\t\t\t\t\t\t\t\t\t<span class=\"elementor-accordion-icon elementor-accordion-icon-left\" aria-hidden=\"true\">\n\t\t\t\t\t\t\t\t\t\t\t\t\t\t\t<i class=\"elementor-accordion-icon-closed fa fa-sort-down\"><\/i>\n\t\t\t\t\t\t\t\t<i class=\"elementor-accordion-icon-opened \"><\/i>\n\t\t\t\t\t\t\t\t\t\t\t\t\t\t<\/span>\n\t\t\t\t\t\t\t\t\t\t\t\t<a class=\"elementor-accordion-title\" href=\"\">Gerold Porzellan, Tettau, Bavaria<\/a>\n\t\t\t\t\t<\/div>\n\t\t\t\t\t<div id=\"elementor-tab-content-2205\" class=\"elementor-tab-content elementor-clearfix\" data-tab=\"5\" role=\"tabpanel\" aria-labelledby=\"elementor-tab-title-2205\"><p>#<\/p><\/div>\n\t\t\t\t<\/div>\n\t\t\t\t\t\t\t<div class=\"elementor-accordion-item\">\n\t\t\t\t\t<div id=\"elementor-tab-title-2206\" class=\"elementor-tab-title\" data-tab=\"6\" role=\"tab\" aria-controls=\"elementor-tab-content-2206\" aria-expanded=\"false\">\n\t\t\t\t\t\t\t\t\t\t\t\t\t<span class=\"elementor-accordion-icon elementor-accordion-icon-left\" aria-hidden=\"true\">\n\t\t\t\t\t\t\t\t\t\t\t\t\t\t\t<i class=\"elementor-accordion-icon-closed fa fa-sort-down\"><\/i>\n\t\t\t\t\t\t\t\t<i class=\"elementor-accordion-icon-opened \"><\/i>\n\t\t\t\t\t\t\t\t\t\t\t\t\t\t<\/span>\n\t\t\t\t\t\t\t\t\t\t\t\t<a class=\"elementor-accordion-title\" href=\"\">Goebel (G\u00f6bel)<\/a>\n\t\t\t\t\t<\/div>\n\t\t\t\t\t<div id=\"elementor-tab-content-2206\" class=\"elementor-tab-content elementor-clearfix\" data-tab=\"6\" role=\"tabpanel\" aria-labelledby=\"elementor-tab-title-2206\"><p>Die W. Goebel Porzellanfabrik GmbH &amp; Co. KG war ein Porzellanhersteller in Oeslau, einem Stadtteil R\u00f6dentals im oberfr\u00e4nkischen Landkreis Coburg. Die Porzellanfabrik wurde am 30. Januar 1871 gegr\u00fcndet. Noch im Jahr 1997 waren 1310 Mitarbeiter bei Goebel besch\u00e4ftigt. Das Sortiment umfasste damals mehr als 1000 verschiedene Figuren. Nach mehreren Insolvenzen und \u00dcbernahmen durch verschiedene Investoren \u00fcbernahm Ende 2017 der Kulmbacher Unternehmer Bernd F\u00f6rtsch die Hummel Manufaktur.<\/p>\n<p>Bei der Goebel Porzellanmanufaktur GmbH verblieb der Bereich \u201eSchenken und Wohnen\u201c der alten Porzellanfabrik, der Geschenkartikel sowie kunstgewerbliche Erzeugnisse herstellt. W\u00e4hrend die Produktion au\u00dferhalb Deutschlands erfolgt, sind in R\u00f6dental noch 69 Mitarbeiter (Stand 2010) mit Entwicklung und Design von Porzellanartikeln sowie ihrem weltweiten Verkauf besch\u00e4ftigt. Eigent\u00fcmer der Gesellschaft ist seit 2010 die PM Kapital GmbH &amp; Co. KG aus Bad Staffelstein, die auch Anteilseigner der dort ans\u00e4ssigen Kaiser-Porzellan GmbH ist.&nbsp;<\/p><p>(Quelle: aus https:\/\/de.m.wikipedia.org\/wiki\/Porzellanfabrik_W._Goebel).<\/p>\n<p>&#8211;<\/p>\n<p>The W. Goebel Porzellanfabrik GmbH &amp; Co. KG was a porcelain manufacturer in Oeslau, a district of R\u00f6dental in the Upper Franconian district of Coburg. The porcelain factory was founded on January 30, 1871. In 1997, 1310 people were employed at Goebel. At that time, the range included more than 1000 different figures. After several bankruptcies and takeovers by various investors, the Kulmbach entrepreneur Bernd F\u00f6rtsch took over the Hummel Manufactory at the end of 2017.<\/p>\n<p>At Goebel Porzellanmanufaktur GmbH, the \u201cGifts and Living\u201d area of the old porcelain factory, which produces gifts and arts and crafts, remained. While production takes place outside of Germany, 69 employees (as of 2010) are still employed in R\u00f6dental with the development and design of porcelain items and their worldwide sale. The company has been owned by PM Kapital GmbH &amp; Co. KG from Bad Staffelstein since 2010, which is also a shareholder of Kaiser-Porzellan GmbH based there. (Source: from https:\/\/de.m.wikipedia.org\/wiki\/Porzellanfabrik_W._Goebel).<\/p><\/div>\n\t\t\t\t<\/div>\n\t\t\t\t\t\t\t<div class=\"elementor-accordion-item\">\n\t\t\t\t\t<div id=\"elementor-tab-title-2207\" class=\"elementor-tab-title\" data-tab=\"7\" role=\"tab\" aria-controls=\"elementor-tab-content-2207\" aria-expanded=\"false\">\n\t\t\t\t\t\t\t\t\t\t\t\t\t<span class=\"elementor-accordion-icon elementor-accordion-icon-left\" aria-hidden=\"true\">\n\t\t\t\t\t\t\t\t\t\t\t\t\t\t\t<i class=\"elementor-accordion-icon-closed fa fa-sort-down\"><\/i>\n\t\t\t\t\t\t\t\t<i class=\"elementor-accordion-icon-opened \"><\/i>\n\t\t\t\t\t\t\t\t\t\t\t\t\t\t<\/span>\n\t\t\t\t\t\t\t\t\t\t\t\t<a class=\"elementor-accordion-title\" href=\"\">Graefenthal, Reichenbach<\/a>\n\t\t\t\t\t<\/div>\n\t\t\t\t\t<div id=\"elementor-tab-content-2207\" class=\"elementor-tab-content elementor-clearfix\" data-tab=\"7\" role=\"tabpanel\" aria-labelledby=\"elementor-tab-title-2207\"><p>Bereits seit 1906 gab es im th\u00fcringischen Ort Gr\u00e4fenthal die erfolgreiche Porzellanfabrik Carl-Scheidig, die in der DDR ab 1972 als VEB Porzellanfigurenfabrik Gr\u00e4fenthal firmierte. Die Produktpalette umfasste Einzelfiguren, Figuren-Gruppen, Tiere aller Art und Tiergruppen, Leuchter und Lampen, Buchst\u00fctzen, Rauchverzehrer, Devotionalien, Weihkessel. Im Jahr 1955 umfasste die Produktion bereits 10.000 Modelle.&nbsp; Werner Winkler (1909-1999) war einer der herausragenden Modelleure und Formengestalter unter anderem f\u00fcr diese Manufaktur.<\/p><p>&#8211;<\/p><p>The successful Carl Scheidig porcelain factory had already existed in Gr\u00e4fenthal, Thuringia, since 1906. In 1972, it operated under the name VEB Porzellanfigurenfabrik Gr\u00e4fenthal in the GDR. The range of products included individual figures, groups of figures, animals of all kinds and groups of animals, candlesticks and lamps, bookends, incense burners, devotional items, votive cauldrons. In 1955 production already comprised 10,000 models. Werner Winkler (1909-1999) was one of the outstanding modellers and mold designers for this manufactory, among others.<\/p><\/div>\n\t\t\t\t<\/div>\n\t\t\t\t\t\t\t<div class=\"elementor-accordion-item\">\n\t\t\t\t\t<div id=\"elementor-tab-title-2208\" class=\"elementor-tab-title\" data-tab=\"8\" role=\"tab\" aria-controls=\"elementor-tab-content-2208\" aria-expanded=\"false\">\n\t\t\t\t\t\t\t\t\t\t\t\t\t<span class=\"elementor-accordion-icon elementor-accordion-icon-left\" aria-hidden=\"true\">\n\t\t\t\t\t\t\t\t\t\t\t\t\t\t\t<i class=\"elementor-accordion-icon-closed fa fa-sort-down\"><\/i>\n\t\t\t\t\t\t\t\t<i class=\"elementor-accordion-icon-opened \"><\/i>\n\t\t\t\t\t\t\t\t\t\t\t\t\t\t<\/span>\n\t\t\t\t\t\t\t\t\t\t\t\t<a class=\"elementor-accordion-title\" href=\"\">Greiner & S\u00f6hne, Rauenstein<\/a>\n\t\t\t\t\t<\/div>\n\t\t\t\t\t<div id=\"elementor-tab-content-2208\" class=\"elementor-tab-content elementor-clearfix\" data-tab=\"8\" role=\"tabpanel\" aria-labelledby=\"elementor-tab-title-2208\"><p>&#8222;Die Porzellanfabrik Rauenstein war ein Porzellanhersteller aus Rauenstein (Th\u00fcringen), der zwischen 1783 und 1930 bestand und f\u00fcr seine breite Produktpalette bekannt war. Die Marke \u201eRauenstein\u201c wird in Sammlerkreisen gesch\u00e4tzt. <br \/>1783 kaufte Friedrich Christian Greiner g\u00fcnstig das lange leerstehende Schloss Rauenstein in Rauenstein (nahe Sonneberg), einem der \u00e4rmsten Waldd\u00f6rfer des damaligen Meininger Oberlandes und gr\u00fcndete die Porzellanfabrik Friedrich Christian Greiner und S\u00f6hne. Das Schloss wurde zur Produktionswerkst\u00e4tte und auch der Fabrikbesitzer nahm dort seine Wohnung. Nach einigen Experimenten gelang im Oktober 1784 der erste gute Porzellanbrand. Hergestellt wurde vor allem einfaches Kaffee- und Teegeschirr nach Meissner Art. Im Jahr 1901 wurde das Unternehmen unter dem Einfluss des Bankiers Gustav Strupp in die Rauensteiner Porzellanfabrik Aktiengesellschaft umfirmiert. 1906 besch\u00e4ftigt die Fabrik 650 Arbeiter. 1913 bot Rauenstein seine breiteste Produktpalette an. <br \/>In Betrieb I, 1783\u20131930: Gebrauchsgeschirr, Kindergeschirr, Pfeifenk\u00f6pfe, Pfeifenstummel, feuerfestes Gebrauchsporzellan, Dekore: Blau Modell (auch mit zus\u00e4tzlicher Goldbemalung);<br \/>in Betrieb II, 1893\u20131928: Figuren, Nippessachen, Luxusartikel, 1893\u20131903 Luxusartikel (B\u00fcsten der griechischen Mythologie), 1903\u20131930 Puppenk\u00f6pfe, Weihkessel, Heiligenfiguren, Indische Gottheiten wie Goneshund Rhata Krisna; <br \/>in Betrieb III, 1923\u20131930: K\u00fcchengarnituren (Vorratsdosen usw.). <br \/>1930 wurde die Firma aus Rentabilit\u00e4ts- und Konkurrenzgr\u00fcnden geschlossen. W\u00e4re Rauenstein verkauft worden, so h\u00e4tte die Konkurrenzfirma Porzellanfabrik Kahla in Kahla unter der Fabrikation des umfangreichen Gesch\u00e4fts an K\u00fcchengarnituren gelitten. Die Stilllegung Rauensteins lag im Interesse des Strupp-Konzerns, dem nicht nur Rauenstein, sondern auch Kahla geh\u00f6rte.&#8220; (<i>Quelle: https:\/\/de.wikipedia.org\/wiki\/Porzellanfabrik_Rauenstein<\/i>).<\/p><p>&#8212;<\/p><p>&#8222;The Rauenstein porcelain factory was a porcelain manufacturer from Rauenstein (Thuringia), which existed between 1783 and 1930 and was known for its wide range of products. The &#8222;Rauenstein&#8220; brand is appreciated in collectors circles.<br \/>In 1783 Friedrich Christian Greiner bought the long-vacant castle Rauenstein in Rauenstein (near Sonneberg), one of the poorest forest villages in what was then the Meiningen Oberland, and founded the Friedrich Christian Greiner porcelain factory and sons. The castle became a production workshop and the factory owner also took up his apartment there. After some experiments, the first good porcelain fire was made in October 1784. In 1901, under the influence of the banker Gustav Strupp, the company was renamed the Rauensteiner Porcelain Factory Aktiengesellschaft. In 1906, the factory employed 650 workers. In 1913, Rauenstein offered its widest range of products.<br \/>In factory I, 1783 \u2013 1930: Utility utensils, children&#8217;s tableware, pipe heads, pipe butts, fireproof utility porcelain, d\u00e9cor: Blue model (also with additional gold painting);<br \/>In factory II, 1893 \u2013 1928: Figures, nipple items, luxury items, 1893 \u2013 1903 Luxury items (busts of Greek mythology), 1903 \u2013 1930 doll heads, holy boilers, saints, Indian deities such as gondola Rhata Krisna;<br \/>In factory III, 1923 \u2013 1930: Kitchen sets (storage cans, etc.).<br \/>In 1930 the company was closed for reasons of profitability and competition. Had Rauenstein been sold, rival company porcelain factory Kahla in Kahla would have suffered from the fabrication of the extensive business of kitchen garnishes. Rauenstein&#8217;s decommissioning was in the interest of the Strupp-based group, which owned not only Rauenstein but also Kahla.&#8220; (<i>Source: https:\/\/de.wikipedia.org\/wiki\/Porzellanfabrik_Rauenstein<\/i>).<\/p><p>\u00a0<\/p><\/div>\n\t\t\t\t<\/div>\n\t\t\t\t\t\t\t<div class=\"elementor-accordion-item\">\n\t\t\t\t\t<div id=\"elementor-tab-title-2209\" class=\"elementor-tab-title\" data-tab=\"9\" role=\"tab\" aria-controls=\"elementor-tab-content-2209\" aria-expanded=\"false\">\n\t\t\t\t\t\t\t\t\t\t\t\t\t<span class=\"elementor-accordion-icon elementor-accordion-icon-left\" aria-hidden=\"true\">\n\t\t\t\t\t\t\t\t\t\t\t\t\t\t\t<i class=\"elementor-accordion-icon-closed fa fa-sort-down\"><\/i>\n\t\t\t\t\t\t\t\t<i class=\"elementor-accordion-icon-opened \"><\/i>\n\t\t\t\t\t\t\t\t\t\t\t\t\t\t<\/span>\n\t\t\t\t\t\t\t\t\t\t\t\t<a class=\"elementor-accordion-title\" href=\"\">Hermann Gretsch, 1895-1950, Architekt und Keramiker<\/a>\n\t\t\t\t\t<\/div>\n\t\t\t\t\t<div id=\"elementor-tab-content-2209\" class=\"elementor-tab-content elementor-clearfix\" data-tab=\"9\" role=\"tabpanel\" aria-labelledby=\"elementor-tab-title-2209\"><p>&#8222;Hermann Gretsch\u00a0 (*1895 Augsburg, \u20201950 Stuttgart) studierte von 1918 bis 1922 Architektur an der Technischen Hochschule in Stuttgart. 1922 lie\u00df er sich als freier Architekt nieder und besuchte parallel dazu die Kunstgewerbeschule in Stuttgart, die er als Keramiker abschloss. 1928 promovierte Gretsch zum Dr. Ing., 1929 wurde er Gewerbeschulrat an der Weimarer Gewerbeschule, Stuttgart. 1931 begann seine Zusammenarbeit als k\u00fcnstlerischer Berater und Mitarbeiter mit der Porzellanfabrik Arzberg. 1935 wurde Gretsch zum Vorsitzenden des Bundes Deutscher Entwerfer gew\u00e4hlt, ab 1937 arbeitete er intensiv mit der Porzellanindustrie zusammen, vor allem als k\u00fcnstlerischer Berater der Fabriken Sch\u00f6nwald und Kahla.\u00a0 (&#8230;) F\u00fcr Villeroy &amp; Boch \u00fcberarbeitete Gretsch ab 1930 mehrere traditionelle Formen und entwarf selber die Services \u00ab3460\u00bb (zylindrische Form, oben und unten abgerundet) und \u00ab3480\u00bb. Dar\u00fcber hinaus arbeitete er f\u00fcr Firmen wie Bauscher und die Gral-Glasst\u00e4tten. Auf Anregung Wagenfelds entwarf Gretsch Metallarbeiten f\u00fcr C. Hugo Pott und Glas f\u00fcr die Vereinigten Lausitzer Glaswerke. Dar\u00fcber hinaus kreierte er M\u00f6bel f\u00fcr den WK-Verband.<i>&#8220; \u00a9 K\u00f6nigsdorfer Medienhaus, Frechen (Ren\u00e9 Zey); Quelle: Designlexikon international.<\/i><\/p><p>Siehe auch: Villeroy &amp; Boch<i><br \/><\/i><\/p><p><i>&#8212;-<\/i><\/p><p>&#8222;Hermann Gretsch (* 1895 Augsburg, \u2020 1950 Stuttgart) studied from 1918 to 1922 architecture at the Technical University in Stuttgart. In 1922 he settled down as a freelance architect and attended parallel to the School of Applied Arts in Stuttgart, which he completed as a ceramist. In 1928 Gretsch earned his doctorate. Ing., 1929 he became a business school teacher at the Weimarer Gewerbeschule, Stuttgart. In 1931 he began his collaboration as an artistic consultant and co-worker with the porcelain factory Arzberg. In 1935 Gretsch was elected chairman of the Federation of German Designers, from 1937 he worked closely with the porcelain industry, especially as an artistic adviser to the factories Schoenwald and Kahla. (&#8230;) For Villeroy &amp; Boch Gretsch revised from 1930 on several traditional forms and designed himself the services &#8222;3460&#8220; (cylindrical shape, top and bottom rounded) and &#8222;3480&#8220;. In addition, he worked for companies such as Bauscher and the Gral glass factories. At Wagenfeld&#8217;s suggestion, Gretsch designed metalwork for C. Hugo Pott and glass for the Vereinigte Lausitzer Glaswerke. In addition, he created furniture for the WK association.&#8220; <i>\u00a9 K\u00f6nigsdorfer Medienhaus, Frechen (Ren\u00e9 Zey); Source: Design lexicon international. <br \/><\/i><\/p><p>Look also: Villeroy &amp; Boch<i><br \/><\/i><\/p><\/div>\n\t\t\t\t<\/div>\n\t\t\t\t\t\t\t<div class=\"elementor-accordion-item\">\n\t\t\t\t\t<div id=\"elementor-tab-title-22010\" class=\"elementor-tab-title\" data-tab=\"10\" role=\"tab\" aria-controls=\"elementor-tab-content-22010\" aria-expanded=\"false\">\n\t\t\t\t\t\t\t\t\t\t\t\t\t<span class=\"elementor-accordion-icon elementor-accordion-icon-left\" aria-hidden=\"true\">\n\t\t\t\t\t\t\t\t\t\t\t\t\t\t\t<i class=\"elementor-accordion-icon-closed fa fa-sort-down\"><\/i>\n\t\t\t\t\t\t\t\t<i class=\"elementor-accordion-icon-opened \"><\/i>\n\t\t\t\t\t\t\t\t\t\t\t\t\t\t<\/span>\n\t\t\t\t\t\t\t\t\t\t\t\t<a class=\"elementor-accordion-title\" href=\"\">Hutschenreuther<\/a>\n\t\t\t\t\t<\/div>\n\t\t\t\t\t<div id=\"elementor-tab-content-22010\" class=\"elementor-tab-content elementor-clearfix\" data-tab=\"10\" role=\"tabpanel\" aria-labelledby=\"elementor-tab-title-22010\"><p>#<\/p><\/div>\n\t\t\t\t<\/div>\n\t\t\t\t\t\t\t<div class=\"elementor-accordion-item\">\n\t\t\t\t\t<div id=\"elementor-tab-title-22011\" class=\"elementor-tab-title\" data-tab=\"11\" role=\"tab\" aria-controls=\"elementor-tab-content-22011\" aria-expanded=\"false\">\n\t\t\t\t\t\t\t\t\t\t\t\t\t<span class=\"elementor-accordion-icon elementor-accordion-icon-left\" aria-hidden=\"true\">\n\t\t\t\t\t\t\t\t\t\t\t\t\t\t\t<i class=\"elementor-accordion-icon-closed fa fa-sort-down\"><\/i>\n\t\t\t\t\t\t\t\t<i class=\"elementor-accordion-icon-opened \"><\/i>\n\t\t\t\t\t\t\t\t\t\t\t\t\t\t<\/span>\n\t\t\t\t\t\t\t\t\t\t\t\t<a class=\"elementor-accordion-title\" href=\"\">JASBA<\/a>\n\t\t\t\t\t<\/div>\n\t\t\t\t\t<div id=\"elementor-tab-content-22011\" class=\"elementor-tab-content elementor-clearfix\" data-tab=\"11\" role=\"tabpanel\" aria-labelledby=\"elementor-tab-title-22011\"><p>&#8222;1926 gr\u00fcndete <i>Jakob Schwaderlapp<\/i> in Baumbach das Unternehmen, um Kr\u00fcge und Tonwaren zu produzieren. Der Name des Gr\u00fcnders und der Produktionsstandort gaben dem Unternehmen seinen Namen. Zun\u00e4chst lag der Schwerpunkt auf Zier- und Gef\u00e4\u00dfkeramik. Die Herstellung glasierter Mosaike begann Ende der 1950er Jahre, nachdem der \u00e4lteste Sohn des Gr\u00fcnders dieses angeregt hatte. 1964 wurde die &#8222;Jasba Mosaik GmbH&#8220; zu einem eigenst\u00e4ndigen Unternehmen und erwarb an ihrem neuen Sitz \u00d6tzingen.\u00a0 Das Schwesterunternehmen &#8222;Jasba Keramik&#8220; produzierte am traditionellen Standort in Baumbach weiterhin Zierkeramik. 1980 \u00fcbernahm &#8222;Jasba Mosaik GmbH&#8220; die &#8222;Jasba Keramik&#8220;. Seither wurden in Baumbach ausschlie\u00dflich Ofenkacheln und Kachelkamine hergestellt.\nIm Mai 1999 kaufte die &#8222;Deutsche Steinzeug Cremer &amp; Breuer&#8220; das Unternehmen r\u00fcckwirkend zum 1. Januar. Im Jahr 2004 trennte sich das Unternehmen vom Standort Baumbach mit seiner Herstellung von Ofenkacheln und Kachelkaminen. Ende 2013 \u00fcbertrug die &#8222;Deutsche Steinzeug&#8220; die Produktionsst\u00e4tte \u00d6tzingen auf die &#8222;Jasba Mosaik GmbH&#8220;. Ende 2017 f\u00fchrte die &#8222;Deutsche Steinzeug&#8220; die Vertriebsorganisationen von <i>Jasba<\/i> und <i>Agrob Buchtal<\/i> (Eigenschreibweise: <i>AGROB BUCHTAL<\/i>) zusammen. Zudem erfolgte mit Wirkung zum 1. Januar 2018 ein Betriebs\u00fcbergang der &#8222;Jasba Mosaik GmbH&#8220; auf die &#8222;Deutsche Steinzeug Cremer &amp; Breuer AG&#8220;.&#8220; (<i>Quelle: https:\/\/de.wikipedia.org\/wiki\/Jasba<\/i>).<\/p>\n&#8212;\n<p>&#8222;<i>Jakob Schwaderlapp<\/i> <!-- i--> founded the company in Baumbach in 1926 to produce pitchers and pottery; the name of the founder and the production site gave the company its name. Initially focusing on ornamental and ceramic vases. The production of glazed mosaics began in the late 1950s, after the founder&#8217;s oldest son had suggested it. In 1964, <i>Jasba Mosaik GmbH<\/i> became an independent company, acquiring its new headquarters in \u00d6tzingen. The sister company <i>Jasba Keramik<\/i> produced in Baumbach continues to use decorative ceramics and in 1980 <i>Jasba Mosaik GmbH<\/i> took over <i>Jasba Keramik<\/i>. Since then, only stove tiles and tiled fireplaces have been manufactured in Baumbach.\nIn May 1999 the <i>Deutsche Steinzeug Cremer &amp; Breuer<\/i> bought the company with retroactive effect from January 1. In 2004 the company divested itself from Baumbach with the production of stove tiles and tile chimneys. At the end of 2013 the <i>Deutsche Steinzeug<\/i> transferred the production facility in \u00d6tzingen to <i>Jasba Mosaik GmbH<\/i>. In 2017\u00a0 the <i>Deutsche Steinzeug<\/i>\u00a0 brought the sales organizations of <i> Jasba <!-- i--> <\/i>and <i><i> Agrob Buchtal <\/i><\/i><!-- i--> (own spelling: <i><i><i> AGROB BUCHTAL <!-- i-->) <\/i><\/i><\/i>together<i><i><i> <\/i><\/i><\/i>and with effect from 1 January 2018 a transfer of the <i><i><i>Jasba Mosaik GmbH <\/i><\/i><\/i>to the<i><i><i> Deutsche Steinzeug Cremer &amp; Breuer AG .&#8220; (<i> Source: https:\/\/en.wikipedia.org\/wiki\/Jasba <!-- i-->). <!-- p--><\/i><\/i><\/i><\/i><\/div>\n\t\t\t\t<\/div>\n\t\t\t\t\t\t\t<div class=\"elementor-accordion-item\">\n\t\t\t\t\t<div id=\"elementor-tab-title-22012\" class=\"elementor-tab-title\" data-tab=\"12\" role=\"tab\" aria-controls=\"elementor-tab-content-22012\" aria-expanded=\"false\">\n\t\t\t\t\t\t\t\t\t\t\t\t\t<span class=\"elementor-accordion-icon elementor-accordion-icon-left\" aria-hidden=\"true\">\n\t\t\t\t\t\t\t\t\t\t\t\t\t\t\t<i class=\"elementor-accordion-icon-closed fa fa-sort-down\"><\/i>\n\t\t\t\t\t\t\t\t<i class=\"elementor-accordion-icon-opened \"><\/i>\n\t\t\t\t\t\t\t\t\t\t\t\t\t\t<\/span>\n\t\t\t\t\t\t\t\t\t\t\t\t<a class=\"elementor-accordion-title\" href=\"\">Jan Johansson, Designer<\/a>\n\t\t\t\t\t<\/div>\n\t\t\t\t\t<div id=\"elementor-tab-content-22012\" class=\"elementor-tab-content elementor-clearfix\" data-tab=\"12\" role=\"tabpanel\" aria-labelledby=\"elementor-tab-title-22012\"><p><span class=\"tlid-translation translation\" lang=\"de\"><span class=\"\" title=\"\">Jan Johansson kam 1969 nach einer Ausbildung als Silberschmied in Stockholm am College of Arts, Craft and Design zu Orrefors. Als K\u00fcnstler interessiert er sich daf\u00fcr, die optischen Effekte von reinem, skulpturalem Kristall zu verfeinern, wie in seinem Horizon Arizona Glas und seiner Barware-Serie Street.<br \/>Auf einem massiven Marmorst\u00e4nder stehende Kristallskulpturen sind ein wichtiger Bestandteil seiner Kunstglasproduktion.<br \/>Jan Johansson hat aktiv nach neuen Ausdrucksmitteln gesucht und die Fuga-Technik erweitert.<\/span><\/span><\/p><p>(Quelle: <em>https:\/\/www.skandium.com\/designers\/index\/designer\/id\/designer_jan_Johansson\/)<\/em><\/p><p>&#8212;<\/p><p>Jan Johansson came to Orrefors in 1969 after training as a silversmith in Stockholm at the College of Arts, Craft and Design. As an artist, he is interested in refining the optical effects of pure, sculptural crystal, as in his cut-glass Horizon Arizona and his barware series Street.<br \/>Cut crystal sculptures set on a solid marble stand are an important component of his art glass production.<br \/>Jan Johansson has actively sought new means of expression and has broadened the range of the Fuga technique.<\/p><p>(Source: <em>https:\/\/www.skandium.com\/designers\/index\/designer\/id\/designer_jan_Johansson\/<\/em>)<\/p><\/div>\n\t\t\t\t<\/div>\n\t\t\t\t\t\t\t<div class=\"elementor-accordion-item\">\n\t\t\t\t\t<div id=\"elementor-tab-title-22013\" class=\"elementor-tab-title\" data-tab=\"13\" role=\"tab\" aria-controls=\"elementor-tab-content-22013\" aria-expanded=\"false\">\n\t\t\t\t\t\t\t\t\t\t\t\t\t<span class=\"elementor-accordion-icon elementor-accordion-icon-left\" aria-hidden=\"true\">\n\t\t\t\t\t\t\t\t\t\t\t\t\t\t\t<i class=\"elementor-accordion-icon-closed fa fa-sort-down\"><\/i>\n\t\t\t\t\t\t\t\t<i class=\"elementor-accordion-icon-opened \"><\/i>\n\t\t\t\t\t\t\t\t\t\t\t\t\t\t<\/span>\n\t\t\t\t\t\t\t\t\t\t\t\t<a class=\"elementor-accordion-title\" href=\"\">KPM Berlin<\/a>\n\t\t\t\t\t<\/div>\n\t\t\t\t\t<div id=\"elementor-tab-content-22013\" class=\"elementor-tab-content elementor-clearfix\" data-tab=\"13\" role=\"tabpanel\" aria-labelledby=\"elementor-tab-title-22013\"><p>#<\/p><\/div>\n\t\t\t\t<\/div>\n\t\t\t\t\t\t\t<div class=\"elementor-accordion-item\">\n\t\t\t\t\t<div id=\"elementor-tab-title-22014\" class=\"elementor-tab-title\" data-tab=\"14\" role=\"tab\" aria-controls=\"elementor-tab-content-22014\" aria-expanded=\"false\">\n\t\t\t\t\t\t\t\t\t\t\t\t\t<span class=\"elementor-accordion-icon elementor-accordion-icon-left\" aria-hidden=\"true\">\n\t\t\t\t\t\t\t\t\t\t\t\t\t\t\t<i class=\"elementor-accordion-icon-closed fa fa-sort-down\"><\/i>\n\t\t\t\t\t\t\t\t<i class=\"elementor-accordion-icon-opened \"><\/i>\n\t\t\t\t\t\t\t\t\t\t\t\t\t\t<\/span>\n\t\t\t\t\t\t\t\t\t\t\t\t<a class=\"elementor-accordion-title\" href=\"\">Legras, Theodore u.a., France<\/a>\n\t\t\t\t\t<\/div>\n\t\t\t\t\t<div id=\"elementor-tab-content-22014\" class=\"elementor-tab-content elementor-clearfix\" data-tab=\"14\" role=\"tabpanel\" aria-labelledby=\"elementor-tab-title-22014\"><p>#<\/p><\/div>\n\t\t\t\t<\/div>\n\t\t\t\t\t\t\t<div class=\"elementor-accordion-item\">\n\t\t\t\t\t<div id=\"elementor-tab-title-22015\" class=\"elementor-tab-title\" data-tab=\"15\" role=\"tab\" aria-controls=\"elementor-tab-content-22015\" aria-expanded=\"false\">\n\t\t\t\t\t\t\t\t\t\t\t\t\t<span class=\"elementor-accordion-icon elementor-accordion-icon-left\" aria-hidden=\"true\">\n\t\t\t\t\t\t\t\t\t\t\t\t\t\t\t<i class=\"elementor-accordion-icon-closed fa fa-sort-down\"><\/i>\n\t\t\t\t\t\t\t\t<i class=\"elementor-accordion-icon-opened \"><\/i>\n\t\t\t\t\t\t\t\t\t\t\t\t\t\t<\/span>\n\t\t\t\t\t\t\t\t\t\t\t\t<a class=\"elementor-accordion-title\" href=\"\">Limoges<\/a>\n\t\t\t\t\t<\/div>\n\t\t\t\t\t<div id=\"elementor-tab-content-22015\" class=\"elementor-tab-content elementor-clearfix\" data-tab=\"15\" role=\"tabpanel\" aria-labelledby=\"elementor-tab-title-22015\"><p>#<\/p><\/div>\n\t\t\t\t<\/div>\n\t\t\t\t\t\t\t<div class=\"elementor-accordion-item\">\n\t\t\t\t\t<div id=\"elementor-tab-title-22016\" class=\"elementor-tab-title\" data-tab=\"16\" role=\"tab\" aria-controls=\"elementor-tab-content-22016\" aria-expanded=\"false\">\n\t\t\t\t\t\t\t\t\t\t\t\t\t<span class=\"elementor-accordion-icon elementor-accordion-icon-left\" aria-hidden=\"true\">\n\t\t\t\t\t\t\t\t\t\t\t\t\t\t\t<i class=\"elementor-accordion-icon-closed fa fa-sort-down\"><\/i>\n\t\t\t\t\t\t\t\t<i class=\"elementor-accordion-icon-opened \"><\/i>\n\t\t\t\t\t\t\t\t\t\t\t\t\t\t<\/span>\n\t\t\t\t\t\t\t\t\t\t\t\t<a class=\"elementor-accordion-title\" href=\"\">Erich Locke GmbH & Co. KG, Herbolzheim<\/a>\n\t\t\t\t\t<\/div>\n\t\t\t\t\t<div id=\"elementor-tab-content-22016\" class=\"elementor-tab-content elementor-clearfix\" data-tab=\"16\" role=\"tabpanel\" aria-labelledby=\"elementor-tab-title-22016\"><p>Herbolzheimer Keramik-Fabrik, Erich Locke GmbH &amp; Co. KG, die laut Internetrecherche von 1957 bis 1991 in Herbolzheim, Deutschland, bestand.<\/p><p>&#8212;<\/p><p>Herbolzheimer Keramik-Fabrik, Erich Locke GmbH &amp; Co. KG, which, according to Internet research, existed in Herbolzheim, Germany, from 1957 to 1991.<\/p><\/div>\n\t\t\t\t<\/div>\n\t\t\t\t\t\t\t<div class=\"elementor-accordion-item\">\n\t\t\t\t\t<div id=\"elementor-tab-title-22017\" class=\"elementor-tab-title\" data-tab=\"17\" role=\"tab\" aria-controls=\"elementor-tab-content-22017\" aria-expanded=\"false\">\n\t\t\t\t\t\t\t\t\t\t\t\t\t<span class=\"elementor-accordion-icon elementor-accordion-icon-left\" aria-hidden=\"true\">\n\t\t\t\t\t\t\t\t\t\t\t\t\t\t\t<i class=\"elementor-accordion-icon-closed fa fa-sort-down\"><\/i>\n\t\t\t\t\t\t\t\t<i class=\"elementor-accordion-icon-opened \"><\/i>\n\t\t\t\t\t\t\t\t\t\t\t\t\t\t<\/span>\n\t\t\t\t\t\t\t\t\t\t\t\t<a class=\"elementor-accordion-title\" href=\"\">Meissen, Sachsen (Saxonia) <\/a>\n\t\t\t\t\t<\/div>\n\t\t\t\t\t<div id=\"elementor-tab-content-22017\" class=\"elementor-tab-content elementor-clearfix\" data-tab=\"17\" role=\"tabpanel\" aria-labelledby=\"elementor-tab-title-22017\"><p>#<\/p><\/div>\n\t\t\t\t<\/div>\n\t\t\t\t\t\t\t<div class=\"elementor-accordion-item\">\n\t\t\t\t\t<div id=\"elementor-tab-title-22018\" class=\"elementor-tab-title\" data-tab=\"18\" role=\"tab\" aria-controls=\"elementor-tab-content-22018\" aria-expanded=\"false\">\n\t\t\t\t\t\t\t\t\t\t\t\t\t<span class=\"elementor-accordion-icon elementor-accordion-icon-left\" aria-hidden=\"true\">\n\t\t\t\t\t\t\t\t\t\t\t\t\t\t\t<i class=\"elementor-accordion-icon-closed fa fa-sort-down\"><\/i>\n\t\t\t\t\t\t\t\t<i class=\"elementor-accordion-icon-opened \"><\/i>\n\t\t\t\t\t\t\t\t\t\t\t\t\t\t<\/span>\n\t\t\t\t\t\t\t\t\t\t\t\t<a class=\"elementor-accordion-title\" href=\"\">Mitterteich, Bavaria<\/a>\n\t\t\t\t\t<\/div>\n\t\t\t\t\t<div id=\"elementor-tab-content-22018\" class=\"elementor-tab-content elementor-clearfix\" data-tab=\"18\" role=\"tabpanel\" aria-labelledby=\"elementor-tab-title-22018\"><p>#<\/p><\/div>\n\t\t\t\t<\/div>\n\t\t\t\t\t\t\t<div class=\"elementor-accordion-item\">\n\t\t\t\t\t<div id=\"elementor-tab-title-22019\" class=\"elementor-tab-title\" data-tab=\"19\" role=\"tab\" aria-controls=\"elementor-tab-content-22019\" aria-expanded=\"false\">\n\t\t\t\t\t\t\t\t\t\t\t\t\t<span class=\"elementor-accordion-icon elementor-accordion-icon-left\" aria-hidden=\"true\">\n\t\t\t\t\t\t\t\t\t\t\t\t\t\t\t<i class=\"elementor-accordion-icon-closed fa fa-sort-down\"><\/i>\n\t\t\t\t\t\t\t\t<i class=\"elementor-accordion-icon-opened \"><\/i>\n\t\t\t\t\t\t\t\t\t\t\t\t\t\t<\/span>\n\t\t\t\t\t\t\t\t\t\t\t\t<a class=\"elementor-accordion-title\" href=\"\">Ludwig Moser, Karlsbad<\/a>\n\t\t\t\t\t<\/div>\n\t\t\t\t\t<div id=\"elementor-tab-content-22019\" class=\"elementor-tab-content elementor-clearfix\" data-tab=\"19\" role=\"tabpanel\" aria-labelledby=\"elementor-tab-title-22019\"><p>#<\/p><\/div>\n\t\t\t\t<\/div>\n\t\t\t\t\t\t\t<div class=\"elementor-accordion-item\">\n\t\t\t\t\t<div id=\"elementor-tab-title-22020\" class=\"elementor-tab-title\" data-tab=\"20\" role=\"tab\" aria-controls=\"elementor-tab-content-22020\" aria-expanded=\"false\">\n\t\t\t\t\t\t\t\t\t\t\t\t\t<span class=\"elementor-accordion-icon elementor-accordion-icon-left\" aria-hidden=\"true\">\n\t\t\t\t\t\t\t\t\t\t\t\t\t\t\t<i class=\"elementor-accordion-icon-closed fa fa-sort-down\"><\/i>\n\t\t\t\t\t\t\t\t<i class=\"elementor-accordion-icon-opened \"><\/i>\n\t\t\t\t\t\t\t\t\t\t\t\t\t\t<\/span>\n\t\t\t\t\t\t\t\t\t\t\t\t<a class=\"elementor-accordion-title\" href=\"\">Murano: Venini, AVeM, Flavio Poli, Alfredo Barbini, Barovier & Toso, Archimede Seguso u.a.<\/a>\n\t\t\t\t\t<\/div>\n\t\t\t\t\t<div id=\"elementor-tab-content-22020\" class=\"elementor-tab-content elementor-clearfix\" data-tab=\"20\" role=\"tabpanel\" aria-labelledby=\"elementor-tab-title-22020\"><p>#<\/p><\/div>\n\t\t\t\t<\/div>\n\t\t\t\t\t\t\t<div class=\"elementor-accordion-item\">\n\t\t\t\t\t<div id=\"elementor-tab-title-22021\" class=\"elementor-tab-title\" data-tab=\"21\" role=\"tab\" aria-controls=\"elementor-tab-content-22021\" aria-expanded=\"false\">\n\t\t\t\t\t\t\t\t\t\t\t\t\t<span class=\"elementor-accordion-icon elementor-accordion-icon-left\" aria-hidden=\"true\">\n\t\t\t\t\t\t\t\t\t\t\t\t\t\t\t<i class=\"elementor-accordion-icon-closed fa fa-sort-down\"><\/i>\n\t\t\t\t\t\t\t\t<i class=\"elementor-accordion-icon-opened \"><\/i>\n\t\t\t\t\t\t\t\t\t\t\t\t\t\t<\/span>\n\t\t\t\t\t\t\t\t\t\t\t\t<a class=\"elementor-accordion-title\" href=\"\">Nachtmann - Glasmanufaktur<\/a>\n\t\t\t\t\t<\/div>\n\t\t\t\t\t<div id=\"elementor-tab-content-22021\" class=\"elementor-tab-content elementor-clearfix\" data-tab=\"21\" role=\"tabpanel\" aria-labelledby=\"elementor-tab-title-22021\"><p>#<\/p><\/div>\n\t\t\t\t<\/div>\n\t\t\t\t\t\t\t<div class=\"elementor-accordion-item\">\n\t\t\t\t\t<div id=\"elementor-tab-title-22022\" class=\"elementor-tab-title\" data-tab=\"22\" role=\"tab\" aria-controls=\"elementor-tab-content-22022\" aria-expanded=\"false\">\n\t\t\t\t\t\t\t\t\t\t\t\t\t<span class=\"elementor-accordion-icon elementor-accordion-icon-left\" aria-hidden=\"true\">\n\t\t\t\t\t\t\t\t\t\t\t\t\t\t\t<i class=\"elementor-accordion-icon-closed fa fa-sort-down\"><\/i>\n\t\t\t\t\t\t\t\t<i class=\"elementor-accordion-icon-opened \"><\/i>\n\t\t\t\t\t\t\t\t\t\t\t\t\t\t<\/span>\n\t\t\t\t\t\t\t\t\t\t\t\t<a class=\"elementor-accordion-title\" href=\"\">J\u00fcrgen Richartz, Art Glas, Mathildenh\u00fctte, Solingen<\/a>\n\t\t\t\t\t<\/div>\n\t\t\t\t\t<div id=\"elementor-tab-content-22022\" class=\"elementor-tab-content elementor-clearfix\" data-tab=\"22\" role=\"tabpanel\" aria-labelledby=\"elementor-tab-title-22022\"><p>#<\/p><\/div>\n\t\t\t\t<\/div>\n\t\t\t\t\t\t\t<div class=\"elementor-accordion-item\">\n\t\t\t\t\t<div id=\"elementor-tab-title-22023\" class=\"elementor-tab-title\" data-tab=\"23\" role=\"tab\" aria-controls=\"elementor-tab-content-22023\" aria-expanded=\"false\">\n\t\t\t\t\t\t\t\t\t\t\t\t\t<span class=\"elementor-accordion-icon elementor-accordion-icon-left\" aria-hidden=\"true\">\n\t\t\t\t\t\t\t\t\t\t\t\t\t\t\t<i class=\"elementor-accordion-icon-closed fa fa-sort-down\"><\/i>\n\t\t\t\t\t\t\t\t<i class=\"elementor-accordion-icon-opened \"><\/i>\n\t\t\t\t\t\t\t\t\t\t\t\t\t\t<\/span>\n\t\t\t\t\t\t\t\t\t\t\t\t<a class=\"elementor-accordion-title\" href=\"\">Rosenthal<\/a>\n\t\t\t\t\t<\/div>\n\t\t\t\t\t<div id=\"elementor-tab-content-22023\" class=\"elementor-tab-content elementor-clearfix\" data-tab=\"23\" role=\"tabpanel\" aria-labelledby=\"elementor-tab-title-22023\"><p>&#8222;Die Porzellanmanufaktur Rosenthal wurde 1879 von Philipp Rosenthal in Werl, Nordrhein-Westfalen, gegr\u00fcndet und als Familienbetrieb gef\u00fchrt. Die Familie siedelte kurz danach nach Selb in Bayern um, wo auch heute noch der Sitz des Konzerns ist . &#8230;. Ab 1997 geh\u00f6rte die b\u00f6rsennotierte Rosenthal AG zu 90 % dem britisch-irischen Waterford Wedgwood-Konzern. Rosenthal stellte in Deutschland den Marktf\u00fchrer f\u00fcr hochwertiges Geschirr und Kunsthandwerk aus Porzellan und Glas dar und war im Verbund mit Waterford Wedgwood Weltmarktf\u00fchrer. Im Jahr 2000 \u00fcbernahm das Unternehmen die Marke Hutschenreuther und das Werk B in Selb. &#8230; 2009 wurde der Verkauf der Rosenthal AG an den italienischen Haushaltswarenhersteller Sambonet Paderno bekanntgegeben. Die am 1. August 2009 gegr\u00fcndete Rosenthal GmbH bildet ein eigenst\u00e4ndiges Unternehmen innerhalb des Sambonet-Paderno-Konzerns mit Sitz in Selb.&#8220; (<i>Quelle: https:\/\/de.wikipedia.org\/wiki\/Rosenthal_(Unternehmen)<\/i>). Die \u00e4u\u00dferst interessante Historie kann an dieser Stelle nur sehr verk\u00fcrzt wiedergegeben werden, ich empfehle den Artikel in wikipedia zu lesen.<\/p>\n<p>&#8212;<\/p>\n<p>&#8222;The porcelain manufactory Rosenthal was founded in 1879 by Philipp Rosenthal in Werl, North Rhine-Westphalia, and run as a family business. Shortly thereafter, the family moved to Selb in Bavaria, where the headquarters of the group are still today. &#8230;. As of 1997, the listed Rosenthal AG was 90% owned by the British-Irish Waterford Wedgwood Group. Rosenthal was the market leader in Germany for high-quality crockery and handicrafts made of porcelain and glass and was the world market leader in cooperation with Waterford Wedgwood. In 2000, the company took over the Hutschenreuther brand and the B plant in Selb. &#8230; In 2009 the sale of Rosenthal AG to the Italian household goods manufacturer Sambonet Paderno was announced. Rosenthal GmbH, founded on 1 August 2009, is an independent company within the Sambonet-Paderno Group with its registered office in Selb.&#8220; (<i>Source: https:\/\/de.wikipedia.org\/wiki\/Rosenthal_(Unternehmen)<\/i>). The extremely interesting history can be reproduced here only very shortened, I recommend to read the article in wikipedia.<\/p>\n<\/div>\n\t\t\t\t<\/div>\n\t\t\t\t\t\t\t<div class=\"elementor-accordion-item\">\n\t\t\t\t\t<div id=\"elementor-tab-title-22024\" class=\"elementor-tab-title\" data-tab=\"24\" role=\"tab\" aria-controls=\"elementor-tab-content-22024\" aria-expanded=\"false\">\n\t\t\t\t\t\t\t\t\t\t\t\t\t<span class=\"elementor-accordion-icon elementor-accordion-icon-left\" aria-hidden=\"true\">\n\t\t\t\t\t\t\t\t\t\t\t\t\t\t\t<i class=\"elementor-accordion-icon-closed fa fa-sort-down\"><\/i>\n\t\t\t\t\t\t\t\t<i class=\"elementor-accordion-icon-opened \"><\/i>\n\t\t\t\t\t\t\t\t\t\t\t\t\t\t<\/span>\n\t\t\t\t\t\t\t\t\t\t\t\t<a class=\"elementor-accordion-title\" href=\"\">Oscar Schlegelmilch, Langewiesen<\/a>\n\t\t\t\t\t<\/div>\n\t\t\t\t\t<div id=\"elementor-tab-content-22024\" class=\"elementor-tab-content elementor-clearfix\" data-tab=\"24\" role=\"tabpanel\" aria-labelledby=\"elementor-tab-title-22024\"><p>#<\/p><\/div>\n\t\t\t\t<\/div>\n\t\t\t\t\t\t\t<div class=\"elementor-accordion-item\">\n\t\t\t\t\t<div id=\"elementor-tab-title-22025\" class=\"elementor-tab-title\" data-tab=\"25\" role=\"tab\" aria-controls=\"elementor-tab-content-22025\" aria-expanded=\"false\">\n\t\t\t\t\t\t\t\t\t\t\t\t\t<span class=\"elementor-accordion-icon elementor-accordion-icon-left\" aria-hidden=\"true\">\n\t\t\t\t\t\t\t\t\t\t\t\t\t\t\t<i class=\"elementor-accordion-icon-closed fa fa-sort-down\"><\/i>\n\t\t\t\t\t\t\t\t<i class=\"elementor-accordion-icon-opened \"><\/i>\n\t\t\t\t\t\t\t\t\t\t\t\t\t\t<\/span>\n\t\t\t\t\t\t\t\t\t\t\t\t<a class=\"elementor-accordion-title\" href=\"\">Orrefors, Schweden<\/a>\n\t\t\t\t\t<\/div>\n\t\t\t\t\t<div id=\"elementor-tab-content-22025\" class=\"elementor-tab-content elementor-clearfix\" data-tab=\"25\" role=\"tabpanel\" aria-labelledby=\"elementor-tab-title-22025\"><p><span class=\"tlid-translation translation\" lang=\"de\">Die Glash\u00fctte Orrefors wurde 1898 auf dem Gel\u00e4nde einer \u00e4lteren Eisenh\u00fctte gegr\u00fcndet. Bis 1913 produzierte das Unternehmen haupts\u00e4chlich Fensterglas und Flaschen. Als Konsul Johan Ekman die Fabrik 1913 kaufte, begann Orrefors mit der Herstellung von Trinkgl\u00e4sern, Vasen und anderen Haushaltswaren. Ekman stellte die Br\u00fcder Eugen und Knut Bergkvist, die zuvor bei Kosta Boda gearbeitet hatten, sowie Fritz Blomqvist und Heinrich Wollman an. Wollman stammte aus B\u00f6hmen, das in der Glasherstellung eine lange Tradition hatte. Die ersten Versuche zur Kunstglasherstellung fanden im Stil der damals ber\u00fchmten franz\u00f6sischen Glash\u00fctte Daum und Gall\u00e9 statt.<br \/>Eine \u00e4hnliche Technik wurde 1936 entwickelt, bei der Luft in den Glasw\u00e4nden eingeschlossen wurde. Dies war bekannt als Ariel, der Name einer Figur in Shakespeares Theaterst\u00fcck &#8222;The Tempest&#8220;. Ein gro\u00dfer Einfluss von ihnen war das Jugendstilwerk des franz\u00f6sischen K\u00fcnstlers \u00c9mile Gall\u00e9. Seine Designs verwenden charakteristische klare Linien aus brillantem Kristall, die auf eine gefrorene Fl\u00fcssigkeit schlie\u00dfen lassen.\u00a0 (&#8230;)<br \/>Neben einzelnen Kristallteilen stellte das Unternehmen Kristallglaswaren her. Das Glashaus entwickelte sich in der Zwischenkriegszeit zu einem f\u00fchrenden Produzenten. In j\u00fcngerer Zeit ist die Fabrik auch f\u00fcr die Herstellung von Kronleuchtern bekannt. Viele der \u00e4lteren Entw\u00fcrfe wurden noch im 21. Jahrhundert hergestellt.<br \/>Seit 2013 beherbergt das Geb\u00e4ude das &#8222;Per Ekstr\u00f6m Museet&#8220;; ein Kunstmuseum.<br \/>Die Glash\u00fctte in Orrefors wurde 2012 geschlossen.<br \/>Orrefors geh\u00f6rte zur schwedischen Glash\u00fcttengruppe Orrefors Kosta Boda AB.<br \/><\/span><br \/>(Quelle: <em>https:\/\/en.wikipedia.org\/wiki\/Orrefors_glassworks<\/em>)<br \/>&#8212;<\/p><p>The Orrefors glassworks were founded in 1898 on the site of an older iron works. Up until 1913, the company produced mainly window glass and bottles. When Consul Johan Ekman bought the factory in 1913, Orrefors started to produce drinking glasses, vases and other house-ware items. Ekman hired the brothers Eugen and Knut Bergkvist, who had worked at Kosta Boda before, as well as Fritz Blomqvist and Heinrich Wollman. Wollman originated from Bohemia, which had a long tradition in glassmaking. The first attempts at art glass making were in the style of the at the time famous French glassworks such Daum and Gall\u00e9.<br \/>A similar technique was devised in 1936 which trapped air within the walls of the glass. This was known as Ariel, a name of a character in Shakespeare&#8217;s play &#8222;The Tempest&#8220;. A major influence of theirs was the Art Nouveau work of the French artist \u00c9mile Gall\u00e9. His designs use characteristic clean lines of brilliant crystal that suggests a frozen liquid. (&#8230;)<br \/>In addition to individual pieces of crystal, the company made crystal stemware. The glass house came to be a leading producer during the interwar period. In more recent times the factory has also become noted for its chandelier-making. Many of the older designs were still produced in the 21th century.<br \/>Since 2013, the building has been home to the &#8222;Per Ekstr\u00f6m Museet&#8220;; an art museum.<br \/>The glassworks in Orrefors closed in 2012.<br \/>Orrefors was a part of the Swedish glassworks group Orrefors Kosta Boda AB.<\/p><p>(Source: <em>https:\/\/en.wikipedia.org\/wiki\/Orrefors_glassworks<\/em>)<\/p><\/div>\n\t\t\t\t<\/div>\n\t\t\t\t\t\t\t<div class=\"elementor-accordion-item\">\n\t\t\t\t\t<div id=\"elementor-tab-title-22026\" class=\"elementor-tab-title\" data-tab=\"26\" role=\"tab\" aria-controls=\"elementor-tab-content-22026\" aria-expanded=\"false\">\n\t\t\t\t\t\t\t\t\t\t\t\t\t<span class=\"elementor-accordion-icon elementor-accordion-icon-left\" aria-hidden=\"true\">\n\t\t\t\t\t\t\t\t\t\t\t\t\t\t\t<i class=\"elementor-accordion-icon-closed fa fa-sort-down\"><\/i>\n\t\t\t\t\t\t\t\t<i class=\"elementor-accordion-icon-opened \"><\/i>\n\t\t\t\t\t\t\t\t\t\t\t\t\t\t<\/span>\n\t\t\t\t\t\t\t\t\t\t\t\t<a class=\"elementor-accordion-title\" href=\"\">Villeroy & Boch<\/a>\n\t\t\t\t\t<\/div>\n\t\t\t\t\t<div id=\"elementor-tab-content-22026\" class=\"elementor-tab-content elementor-clearfix\" data-tab=\"26\" role=\"tabpanel\" aria-labelledby=\"elementor-tab-title-22026\"><p>&#8222;Die Villeroy &amp; Boch AG, kurz V&amp;B (auch \u201aVB\u2018), ist ein deutscher Hersteller von Keramik\u00adwaren, dessen Ursprung im Jahr 1748 liegt. Das Unternehmen ist nach seinen beiden Gr\u00fcndern Fran\u00e7ois Boch und Nicolas Villeroy benannt und befindet sich nach \u00fcber 265 Jahren immer noch gr\u00f6\u00dftenteils im Besitz der Familien von Boch-Galhau (Hauptaktion\u00e4re) und Villeroy de Galhau. Der Hauptsitz von Villeroy &amp; Boch befindet sich in w\u00e4hrend der Franz\u00f6sischen Revolution aufgegebenen Klostergeb\u00e4uden der Abtei Mettlach im Saarland, daneben gibt es 14 Produktionsst\u00e4tten in Europa, Asien und Amerika. Die Produkte werden in rund 125 L\u00e4ndern vertrieben.&#8220; (<i>Quelle: https:\/\/de.wikipedia.org\/wiki\/Villeroy_%26_Boch<\/i>).<\/p><p>Siehe auch: Hermann Gretsch<\/p><p>&#8212;<\/p><p>&#8222;Villeroy &amp; Boch AG, V &amp; B for short (also called &#8218;VB&#8216;), is a German manufacturer of ceramics, dating back to 1748. Named after its two founders, Fran\u00e7ois Boch and Nicolas Villeroy, the company is still largely owned by the families of Boch-Galhau (major shareholders) and Villeroy de Galhau after more than 265 years. The headquarters of Villeroy &amp; Boch are in abandoned during the French Revolution monastery buildings of the Abbey Mettlach in Saarland, there are also 14 production sites in Europe, Asia and America. The products are distributed in around 125 countries.&#8220; (<i>Source: https:\/\/de.wikipedia.org\/wiki\/Villeroy_%26_Boch<\/i>).<\/p><p>Look also: Hermann Gretsch<\/p><p>\u00a0<\/p><\/div>\n\t\t\t\t<\/div>\n\t\t\t\t\t\t\t<div class=\"elementor-accordion-item\">\n\t\t\t\t\t<div id=\"elementor-tab-title-22027\" class=\"elementor-tab-title\" data-tab=\"27\" role=\"tab\" aria-controls=\"elementor-tab-content-22027\" aria-expanded=\"false\">\n\t\t\t\t\t\t\t\t\t\t\t\t\t<span class=\"elementor-accordion-icon elementor-accordion-icon-left\" aria-hidden=\"true\">\n\t\t\t\t\t\t\t\t\t\t\t\t\t\t\t<i class=\"elementor-accordion-icon-closed fa fa-sort-down\"><\/i>\n\t\t\t\t\t\t\t\t<i class=\"elementor-accordion-icon-opened \"><\/i>\n\t\t\t\t\t\t\t\t\t\t\t\t\t\t<\/span>\n\t\t\t\t\t\t\t\t\t\t\t\t<a class=\"elementor-accordion-title\" href=\"\">Wagner & Apel, Lippelsdorf<\/a>\n\t\t\t\t\t<\/div>\n\t\t\t\t\t<div id=\"elementor-tab-content-22027\" class=\"elementor-tab-content elementor-clearfix\" data-tab=\"27\" role=\"tabpanel\" aria-labelledby=\"elementor-tab-title-22027\"><p>&#8222;Im Jahr 1877 wurde in Lippelsdorf eine Porzellanfabrik unter dem Namen \u201eKUCH &amp; Co.\u201c gegr\u00fcndet. Die Eintragung im Grundbuch lautete \u201eBrennofen in Ortsflur errichtet\u201c. Einer der Gr\u00fcnder war Bernhard Wagner. Ab 31. Mai 1901 firmierten die Besitzer Bernhard Wagner sowie Anton und Bernhard Apel unter der Bezeichnung \u201eWagner &amp; Apel\u201c. Als solches machte sich das Lippelsdorfer Porzellan weltweit einen Namen.<br \/>W\u00e4hrend zu Beginn in der Hauptsache die Herstellung von Pfeifenk\u00f6pfen, Mugs, Eierbechern, Badekindern und sonstigen kleinen Exportartikeln vorrangig war, wurde die Fabrikation ab 1901 auf Nippes, Tiere und Geschenkartikel umgestellt. Im Laufe der Jahre wurde die Kollektion von Kleingebrauchsartikeln wie Dosen, Aschenschalen, Streuern, Nadelkissen, Menagen usw. ausgebaut. So wurde die Fabrik von Generation zu Generation weitergef\u00fchrt. Wie alle mittelst\u00e4ndischen Betriebe der sozialistischen DDR wurde auch Wagner &amp; Apel 1960 ein Betrieb mit staatlicher Beteiligung. Im Jahr 1972 wurde der Betrieb vollst\u00e4ndig enteignet und firmierte nunmehr als \u201eVEB Porzellanfiguren Lippelsdorf\u201c. Vier Jahre sp\u00e4ter wurden alle Porzellanfabriken im Umkreis zusammengeschlossen zum \u201eVEB Vereinigte Zierporzellanwerke Lichte\u201c. Lippelsdorf wurde produzierende Abteilung des Betriebsteiles Gr\u00e4fenthal. Damit verlor die Firma jegliche Selbstst\u00e4ndigkeit und Entscheidungsbefugnis. Nach der politischen Wende beantragten die Nachkommen des Bernhard Wagner, Ingeborg Seibert und Helga Koch, die Reprivatisierung der Fabrik, die dann am 1. Juli 1990 wieder in Privatbesitz \u00fcberging. Gesellschafter der GmbH sind nunmehr Ingeborg Seibert und Helga Koch sowie Hans-Heinrich Seibert als Gesch\u00e4ftsf\u00fchrer.&#8220; <i>(Quelle: https:\/\/de.wikipedia.org\/wiki\/Wagner_%26_Apel_Porzellan)<\/i>.<\/p><p>&#8212;<\/p><p>&#8222;In 1877, a porcelain factory was founded in Lippelsdorf under the name&#8220; KUCH &amp; Co.\u00a0 &#8230; One of the founders was Bernhard Wagner.On May 31, 1901, the owners Bernhard Wagner and Anton and Bernhard Apel under the name &#8222;Wagner &amp; Apel&#8220;. As such, the Lippelsdorfer porcelain made a name worldwide.<br \/>While at the beginning the main focus was on the production of pipe bowls, mugs, eggcups, bath tubs and other small export articles, from 1901 the fabrication was changed to knick-knacks, animals and giftware. Over the years, the collection of small items such as cans, ashtrays, spreaders, pincushion, menages, etc. has been expanded. So the factory was continued from generation to generation. Like all medium-sized companies in the socialist GDR, Wagner &amp; Apel became a state-owned enterprise in 1960. In 1972, the company was completely expropriated and now renamed as &#8222;VEB Porzellanfiguren Lippelsdorf&#8220;. Four years later, all porcelain factories in the vicinity were merged into the &#8222;VEB Vereinigte Zierporzellanwerke Lichte&#8220;. Lippelsdorf became producing department of the operating part Gr\u00e4fenthal. Thus, the company lost any independence and decision-making power. After the political change, the descendants of Bernhard Wagner, Ingeborg Seibert and Helga Koch, requested the re-privatization of the factory, which then returned to private ownership on 1 July 1990. Shareholders of the GmbH are now Ingeborg Seibert and Helga Koch as well as Hans-Heinrich Seibert as Managing Director.&#8220; <i>(Source: https:\/\/de.wikipedia.org\/wiki\/Wagner_%26_Apel_Porzellan).<\/i><\/p><p>\u00a0<\/p><\/div>\n\t\t\t\t<\/div>\n\t\t\t\t\t\t\t<div class=\"elementor-accordion-item\">\n\t\t\t\t\t<div id=\"elementor-tab-title-22028\" class=\"elementor-tab-title\" data-tab=\"28\" role=\"tab\" aria-controls=\"elementor-tab-content-22028\" aria-expanded=\"false\">\n\t\t\t\t\t\t\t\t\t\t\t\t\t<span class=\"elementor-accordion-icon elementor-accordion-icon-left\" aria-hidden=\"true\">\n\t\t\t\t\t\t\t\t\t\t\t\t\t\t\t<i class=\"elementor-accordion-icon-closed fa fa-sort-down\"><\/i>\n\t\t\t\t\t\t\t\t<i class=\"elementor-accordion-icon-opened \"><\/i>\n\t\t\t\t\t\t\t\t\t\t\t\t\t\t<\/span>\n\t\t\t\t\t\t\t\t\t\t\t\t<a class=\"elementor-accordion-title\" href=\"\">Walther-Glas<\/a>\n\t\t\t\t\t<\/div>\n\t\t\t\t\t<div id=\"elementor-tab-content-22028\" class=\"elementor-tab-content elementor-clearfix\" data-tab=\"28\" role=\"tabpanel\" aria-labelledby=\"elementor-tab-title-22028\"><p>#<\/p><\/div>\n\t\t\t\t<\/div>\n\t\t\t\t\t\t\t<div class=\"elementor-accordion-item\">\n\t\t\t\t\t<div id=\"elementor-tab-title-22029\" class=\"elementor-tab-title\" data-tab=\"29\" role=\"tab\" aria-controls=\"elementor-tab-content-22029\" aria-expanded=\"false\">\n\t\t\t\t\t\t\t\t\t\t\t\t\t<span class=\"elementor-accordion-icon elementor-accordion-icon-left\" aria-hidden=\"true\">\n\t\t\t\t\t\t\t\t\t\t\t\t\t\t\t<i class=\"elementor-accordion-icon-closed fa fa-sort-down\"><\/i>\n\t\t\t\t\t\t\t\t<i class=\"elementor-accordion-icon-opened \"><\/i>\n\t\t\t\t\t\t\t\t\t\t\t\t\t\t<\/span>\n\t\t\t\t\t\t\t\t\t\t\t\t<a class=\"elementor-accordion-title\" href=\"\">Winterling, R\u00f6slau, Bavaria<\/a>\n\t\t\t\t\t<\/div>\n\t\t\t\t\t<div id=\"elementor-tab-content-22029\" class=\"elementor-tab-content elementor-clearfix\" data-tab=\"29\" role=\"tabpanel\" aria-labelledby=\"elementor-tab-title-22029\"><p>#<\/p><\/div>\n\t\t\t\t<\/div>\n\t\t\t\t\t\t\t<div class=\"elementor-accordion-item\">\n\t\t\t\t\t<div id=\"elementor-tab-title-22030\" class=\"elementor-tab-title\" data-tab=\"30\" role=\"tab\" aria-controls=\"elementor-tab-content-22030\" aria-expanded=\"false\">\n\t\t\t\t\t\t\t\t\t\t\t\t\t<span class=\"elementor-accordion-icon elementor-accordion-icon-left\" aria-hidden=\"true\">\n\t\t\t\t\t\t\t\t\t\t\t\t\t\t\t<i class=\"elementor-accordion-icon-closed fa fa-sort-down\"><\/i>\n\t\t\t\t\t\t\t\t<i class=\"elementor-accordion-icon-opened \"><\/i>\n\t\t\t\t\t\t\t\t\t\t\t\t\t\t<\/span>\n\t\t\t\t\t\t\t\t\t\t\t\t<a class=\"elementor-accordion-title\" href=\"\">Spanien<\/a>\n\t\t\t\t\t<\/div>\n\t\t\t\t\t<div id=\"elementor-tab-content-22030\" class=\"elementor-tab-content elementor-clearfix\" data-tab=\"30\" role=\"tabpanel\" aria-labelledby=\"elementor-tab-title-22030\"><p>#<\/p><\/div>\n\t\t\t\t<\/div>\n\t\t\t\t\t\t\t\t<\/div>\n\t\t\t\t<\/div>\n\t\t\t\t<\/div>\n\t\t\t\t<div class=\"elementor-element elementor-element-20defd9 elementor-widget elementor-widget-text-editor\" data-id=\"20defd9\" data-element_type=\"widget\" data-widget_type=\"text-editor.default\">\n\t\t\t\t<div class=\"elementor-widget-container\">\n\t\t\t\t\t\t\t\t<div class=\"elementor-text-editor elementor-clearfix\">\n\t\t\t\t\t\t\t\t\t<\/div>\n\t\t\t\t\t\t<\/div>\n\t\t\t\t<\/div>\n\t\t\t\t\t\t<\/div>\n\t\t\t\t\t<\/div>\n\t\t<\/div>\n\t\t\t\t\t\t\t\t<\/div>\n\t\t\t\t\t<\/div>\n\t\t<\/section>\n\t\t\t\t<footer class=\"has_eae_slider elementor-section elementor-top-section elementor-element elementor-element-49b9675 elementor-section-boxed elementor-section-height-default elementor-section-height-default\" data-id=\"49b9675\" data-element_type=\"section\">\n\t\t\t\t\t\t<div class=\"elementor-container elementor-column-gap-default\">\n\t\t\t\t\t\t\t<div class=\"elementor-row\">\n\t\t\t\t\t<div class=\"has_eae_slider elementor-column elementor-col-100 elementor-top-column elementor-element elementor-element-eccd07f\" data-id=\"eccd07f\" data-element_type=\"column\">\n\t\t\t<div class=\"elementor-column-wrap elementor-element-populated\">\n\t\t\t\t\t\t\t<div class=\"elementor-widget-wrap\">\n\t\t\t\t\t\t<div class=\"elementor-element elementor-element-8d23f77 elementor-widget-divider--view-line elementor-widget elementor-widget-divider\" data-id=\"8d23f77\" data-element_type=\"widget\" data-widget_type=\"divider.default\">\n\t\t\t\t<div class=\"elementor-widget-container\">\n\t\t\t\t\t<div class=\"elementor-divider\">\n\t\t\t<span class=\"elementor-divider-separator\">\n\t\t\t\t\t\t<\/span>\n\t\t<\/div>\n\t\t\t\t<\/div>\n\t\t\t\t<\/div>\n\t\t\t\t\t\t<\/div>\n\t\t\t\t\t<\/div>\n\t\t<\/div>\n\t\t\t\t\t\t\t\t<\/div>\n\t\t\t\t\t<\/div>\n\t\t<\/footer>\n\t\t\t\t<section class=\"has_eae_slider elementor-section elementor-top-section elementor-element elementor-element-9c2e2dc elementor-section-boxed elementor-section-height-default elementor-section-height-default\" data-id=\"9c2e2dc\" data-element_type=\"section\">\n\t\t\t\t\t\t<div class=\"elementor-container elementor-column-gap-default\">\n\t\t\t\t\t\t\t<div class=\"elementor-row\">\n\t\t\t\t\t<article class=\"has_eae_slider elementor-column elementor-col-100 elementor-top-column elementor-element elementor-element-742c922\" data-id=\"742c922\" data-element_type=\"column\">\n\t\t\t<div class=\"elementor-column-wrap elementor-element-populated\">\n\t\t\t\t\t\t\t<div class=\"elementor-widget-wrap\">\n\t\t\t\t\t\t<div class=\"elementor-element elementor-element-52520f8 elementor-shape-circle elementor-hidden-phone elementor-grid-0 e-grid-align-center elementor-widget elementor-widget-social-icons\" data-id=\"52520f8\" data-element_type=\"widget\" data-widget_type=\"social-icons.default\">\n\t\t\t\t<div class=\"elementor-widget-container\">\n\t\t\t\t\t<div class=\"elementor-social-icons-wrapper elementor-grid\">\n\t\t\t\t\t\t\t<span class=\"elementor-grid-item\">\n\t\t\t\t\t<a class=\"elementor-icon elementor-social-icon elementor-social-icon-facebook elementor-repeater-item-737d3c7\" target=\"_blank\">\n\t\t\t\t\t\t<span class=\"elementor-screen-only\">Facebook<\/span>\n\t\t\t\t\t\t\t\t\t\t\t\t\t<i class=\"fa fa-facebook\"><\/i>\n\t\t\t\t\t\t\t\t\t\t\t<\/a>\n\t\t\t\t<\/span>\n\t\t\t\t\t\t\t<span class=\"elementor-grid-item\">\n\t\t\t\t\t<a class=\"elementor-icon elementor-social-icon elementor-social-icon-twitter elementor-repeater-item-619ecfc\" target=\"_blank\">\n\t\t\t\t\t\t<span class=\"elementor-screen-only\">Twitter<\/span>\n\t\t\t\t\t\t\t\t\t\t\t\t\t<i class=\"fa fa-twitter\"><\/i>\n\t\t\t\t\t\t\t\t\t\t\t<\/a>\n\t\t\t\t<\/span>\n\t\t\t\t\t\t\t<span class=\"elementor-grid-item\">\n\t\t\t\t\t<a class=\"elementor-icon elementor-social-icon elementor-social-icon-500px elementor-repeater-item-b51acf3\" href=\"http:\/\/500px.com\/Eva-MariaDiBella\" target=\"_blank\">\n\t\t\t\t\t\t<span class=\"elementor-screen-only\">500px<\/span>\n\t\t\t\t\t\t\t\t\t\t\t\t\t<i class=\"fa fa-500px\"><\/i>\n\t\t\t\t\t\t\t\t\t\t\t<\/a>\n\t\t\t\t<\/span>\n\t\t\t\t\t\t\t<span class=\"elementor-grid-item\">\n\t\t\t\t\t<a class=\"elementor-icon elementor-social-icon elementor-social-icon-pinterest elementor-repeater-item-3147339\" href=\"http:\/\/pinterest.com\/einfach1laden\/boards\/\" target=\"_blank\">\n\t\t\t\t\t\t<span class=\"elementor-screen-only\">Pinterest<\/span>\n\t\t\t\t\t\t\t\t\t\t\t\t\t<i class=\"fa fa-pinterest\"><\/i>\n\t\t\t\t\t\t\t\t\t\t\t<\/a>\n\t\t\t\t<\/span>\n\t\t\t\t\t\t\t<span class=\"elementor-grid-item\">\n\t\t\t\t\t<a class=\"elementor-icon elementor-social-icon elementor-social-icon-flickr elementor-repeater-item-e6364bf\" href=\"http:\/\/www.flickr.com\/photos\/93129751@N08\/\" target=\"_blank\">\n\t\t\t\t\t\t<span class=\"elementor-screen-only\">Flickr<\/span>\n\t\t\t\t\t\t\t\t\t\t\t\t\t<i class=\"fa fa-flickr\"><\/i>\n\t\t\t\t\t\t\t\t\t\t\t<\/a>\n\t\t\t\t<\/span>\n\t\t\t\t\t\t\t<span class=\"elementor-grid-item\">\n\t\t\t\t\t<a class=\"elementor-icon elementor-social-icon elementor-social-icon-youtube elementor-repeater-item-4ca0c70\" href=\"https:\/\/www.youtube.com\/channel\/UCkK0pYPkqWBmy4pTWT3Hrhw\" target=\"_blank\">\n\t\t\t\t\t\t<span class=\"elementor-screen-only\">Youtube<\/span>\n\t\t\t\t\t\t\t\t\t\t\t\t\t<i class=\"fa fa-youtube\"><\/i>\n\t\t\t\t\t\t\t\t\t\t\t<\/a>\n\t\t\t\t<\/span>\n\t\t\t\t\t\t\t<span class=\"elementor-grid-item\">\n\t\t\t\t\t<a class=\"elementor-icon elementor-social-icon elementor-social-icon-wordpress elementor-repeater-item-f872988\" target=\"_blank\">\n\t\t\t\t\t\t<span class=\"elementor-screen-only\">WordPress<\/span>\n\t\t\t\t\t\t\t\t\t\t\t\t\t<i class=\"fa fa-wordpress\"><\/i>\n\t\t\t\t\t\t\t\t\t\t\t<\/a>\n\t\t\t\t<\/span>\n\t\t\t\t\t<\/div>\n\t\t\t\t<\/div>\n\t\t\t\t<\/div>\n\t\t\t\t\t\t<\/div>\n\t\t\t\t\t<\/div>\n\t\t<\/article>\n\t\t\t\t\t\t\t\t<\/div>\n\t\t\t\t\t<\/div>\n\t\t<\/section>\n\t\t\t\t\t\t\t\t\t<\/div>\n\t\t\t<\/div>\n\t\t\t\t\t<\/div>\n\t\t","protected":false},"excerpt":{"rendered":"<p>Wissenswertes \u00fcber die Porzellanmanufakturen und Glash\u00fctten, \u00fcber K\u00fcnstler und Designer, deren Objekte auf dieser Webseite vorgestellt oder auf irgendeine Weise erw\u00e4hnt wurden. \u2013 Laufend in Bearbeitung\/Erg\u00e4nzung .. Interesting facts about the porcelain manufactories and glassworks,&hellip; <a href=\"https:\/\/lavetrinaaperta.eu\/?page_id=204\">Mehr<\/a><\/p>\n","protected":false},"author":1,"featured_media":0,"parent":0,"menu_order":0,"comment_status":"closed","ping_status":"closed","template":"","meta":[],"_links":{"self":[{"href":"https:\/\/lavetrinaaperta.eu\/index.php?rest_route=\/wp\/v2\/pages\/204"}],"collection":[{"href":"https:\/\/lavetrinaaperta.eu\/index.php?rest_route=\/wp\/v2\/pages"}],"about":[{"href":"https:\/\/lavetrinaaperta.eu\/index.php?rest_route=\/wp\/v2\/types\/page"}],"author":[{"embeddable":true,"href":"https:\/\/lavetrinaaperta.eu\/index.php?rest_route=\/wp\/v2\/users\/1"}],"replies":[{"embeddable":true,"href":"https:\/\/lavetrinaaperta.eu\/index.php?rest_route=%2Fwp%2Fv2%2Fcomments&post=204"}],"version-history":[{"count":85,"href":"https:\/\/lavetrinaaperta.eu\/index.php?rest_route=\/wp\/v2\/pages\/204\/revisions"}],"predecessor-version":[{"id":970,"href":"https:\/\/lavetrinaaperta.eu\/index.php?rest_route=\/wp\/v2\/pages\/204\/revisions\/970"}],"wp:attachment":[{"href":"https:\/\/lavetrinaaperta.eu\/index.php?rest_route=%2Fwp%2Fv2%2Fmedia&parent=204"}],"curies":[{"name":"wp","href":"https:\/\/api.w.org\/{rel}","templated":true}]}}